{"id":1959,"date":"2020-07-07T14:33:43","date_gmt":"2020-07-07T12:33:43","guid":{"rendered":"https:\/\/www.robotec.sk\/welding\/?page_id=1959"},"modified":"2026-01-20T14:17:10","modified_gmt":"2026-01-20T13:17:10","slug":"gdpr","status":"publish","type":"page","link":"https:\/\/www.robotec.sk\/welding\/gdpr\/","title":{"rendered":"GDPR"},"content":{"rendered":"<div class=\"fusion-fullwidth fullwidth-box fusion-builder-row-1 nonhundred-percent-fullwidth non-hundred-percent-height-scrolling\" style=\"--awb-border-radius-top-left:0px;--awb-border-radius-top-right:0px;--awb-border-radius-bottom-right:0px;--awb-border-radius-bottom-left:0px;--awb-flex-wrap:wrap;\" ><div class=\"fusion-builder-row fusion-row\"><div class=\"fusion-layout-column fusion_builder_column fusion-builder-column-0 fusion_builder_column_1_1 1_1 fusion-one-full fusion-column-first fusion-column-last\" style=\"--awb-bg-size:cover;\"><div class=\"fusion-column-wrapper fusion-column-has-shadow fusion-flex-column-wrapper-legacy\"><div class=\"fusion-title title fusion-title-1 sep-underline sep-solid fusion-title-text fusion-title-size-one\"><h1 class=\"fusion-title-heading title-heading-left fusion-responsive-typography-calculated\" style=\"margin:0;--fontSize:34;line-height:1.5;\"><h1 style=\"text-align: left;\">GDPR\u00a0 &#8211; INFORMA\u010cN\u00c1 POVINNOS\u0164<\/h1><\/h1><\/div><div class=\"fusion-text fusion-text-1\"><h3 id=\"u122613-3\" style=\"text-align: left;\"><strong><span id=\"u122613\">robotec, s.r.o.<\/span><\/strong><span id=\"u122613-2\"><\/span><\/h3>\n<p id=\"u122613-5\">Hlavn\u00e1 3, 038 52 Su\u010dany, Slovensko<\/p>\n<p id=\"u122613-7\">I\u010cO: 36424714, zap\u00edsan\u00e1 v Obchodnom registri v \u017diline, oddiel: Sro, vl. \u010d. 14051\/L<\/p>\n<div class=\"fusion-sep-clear\"><\/div><div class=\"fusion-separator fusion-full-width-sep\" style=\"margin-left: auto;margin-right: auto;margin-bottom:20px;width:100%;\"><div class=\"fusion-separator-border sep-double sep-solid\" style=\"--awb-height:20px;--awb-amount:20px;border-color:#e0dede;border-top-width:1px;border-bottom-width:1px;\"><\/div><\/div><div class=\"fusion-sep-clear\"><\/div>\n<p>V\u00e1\u017een\u00fd klient\/n\u00e1v\u0161tevn\u00edk webovej str\u00e1nky,<\/p>\n<p>Chceli by sme V\u00e1s informova\u0165 o sp\u00f4sobe ak\u00fdm na\u0161a spolo\u010dnos\u0165 naklad\u00e1 s Va\u0161imi osobn\u00fdmi \u00fadajmi. V\u00e1\u017eime si Va\u0161e s\u00fakromie a preto sme prijali primeran\u00e9 technick\u00e9 a organiza\u010dn\u00e9 opatrenia na ochranu Va\u0161ich osobn\u00fdch \u00fadajov.<\/p>\n<p>Z Nariadenia Eur\u00f3pskeho parlamentu a rady (EU) 2016\/679 o ochrane fyzick\u00fdch os\u00f4b pri sprac\u00favan\u00ed osobn\u00fdch \u00fadajov a o vo\u013enom pohybe tak\u00fdchto \u00fadajov (\u010falej \u201eGDPR\u201c) a z\u00e1kona \u010d. 18\/2018 Z. z. o ochrane osobn\u00fdch \u00fadajov a o zmene a doplnen\u00ed niektor\u00fdch z\u00e1konov n\u00e1m vypl\u00fdva povinnos\u0165 transparentnosti pri sprac\u00favan\u00ed va\u0161ich osobn\u00fdch \u00fadajov. Prev\u00e1dzkovate\u013e, robotec, s.r.o., Hlavn\u00e1 3, Su\u010dany 038 52, I\u010cO <span data-olk-copy-source=\"MailCompose\">36 410 055 <\/span>, v s\u00favislosti so svojou \u010dinnos\u0165ou sprac\u00fava osobn\u00e9 \u00fadaje na r\u00f4zne \u00fa\u010dely. Sprac\u00favanie osobn\u00fdch \u00fadajov m\u00f4\u017ee by\u0165 zalo\u017een\u00e9 na r\u00f4znych pr\u00e1vnych z\u00e1kladoch, o ktor\u00fdch v\u00e1s informujeme v r\u00e1mci jednotliv\u00fdch \u00fa\u010delov spracovania osobn\u00fdch \u00fadajov (ni\u017e\u0161ie v texte).<\/p>\n<p>Prev\u00e1dzkovate\u013e poveril zodpovedn\u00fa osobu doh\u013eadom nad ochranou osobn\u00fdch \u00fadajov. Povinnosti zodpovednej osoby pod\u013ea GDPR vykon\u00e1va extern\u00e1 konzulta\u010dn\u00e1 spolo\u010dnos\u0165 Top Privacy s.r.o. a zodpovedn\u00fa osobu mo\u017eno pod\u013ea \u010dl\u00e1nku 38 ods. 4 kontaktova\u0165 na e-mailovej adrese: <strong><a href=\"mailto:zodpovednaosoba@topprivacy.sk\">zodpovednaosoba@topprivacy.sk<\/a><\/strong>.<\/p>\n<p>V \u010fal\u0161ej \u010dasti n\u00e1jdete n\u00e1zvy informa\u010dn\u00fdch syst\u00e9mov, ktor\u00e9 s\u00fa rozdelen\u00e9 pod\u013ea \u00fa\u010delu sprac\u00favania osobn\u00fdch \u00fadajov, ka\u017ed\u00fd z nich po rozkliknut\u00ed obsahuje podrobn\u00fa inform\u00e1ciu pod\u013ea \u010dl\u00e1nku 13 a 14 GDPR, ktor\u00e1 v\u00e1m podrobne vysvetl\u00ed pre\u010do a ako spracov\u00e1vame va\u0161e osobn\u00e9 \u00fadaje.<\/p>\n<h3><span style=\"color: #000000;\"><strong>\u00da\u010cELY SPRAC\u00daVANIA OSOBN\u00ddCH \u00daDAJOV<\/strong><\/span><\/h3>\n<p>O klientoch a n\u00e1v\u0161tevn\u00edkoch webovej str\u00e1nky prev\u00e1dzkovate\u013e sprac\u00fava osobn\u00e9 \u00fadaje v t\u00fdchto informa\u010dn\u00fdch syst\u00e9moch:<\/p>\n<ol>\n<li><strong><a href=\"https:\/\/www.robotec.sk\/welding\/wp-content\/uploads\/2022\/07\/IP_uctovne_doklady.pdf\">\u00da\u010cTOVN\u00c9 DOKLADY<\/a>,<\/strong><\/li>\n<li><strong><a href=\"https:\/\/www.robotec.sk\/welding\/wp-content\/uploads\/2022\/07\/IP_sprava_registratury_sukromny_sektor.pdf\">SPR\u00c1VA REGISTRAT\u00daRY<\/a><\/strong>,<\/li>\n<li><strong><a href=\"https:\/\/www.robotec.sk\/welding\/wp-content\/uploads\/2022\/07\/IP_kontaktny_formular.pdf\">KONTAKTN\u00dd FORMUL\u00c1R<\/a><\/strong>,<\/li>\n<li><strong><a href=\"https:\/\/www.robotec.sk\/welding\/wp-content\/uploads\/2022\/07\/IP_servisny_formular.pdf\">SERVISN\u00dd FORMUL\u00c1R<\/a><\/strong>,<\/li>\n<li><strong><a href=\"https:\/\/www.robotec.sk\/welding\/wp-content\/uploads\/2022\/07\/IP_objednavka_tovarusluzieb_e-shop.pdf\">OBJEDN\u00c1VKA TOVARU, SLU\u017dIEB (E-SHOP)<\/a><\/strong>,<\/li>\n<li><strong><a href=\"https:\/\/www.robotec.sk\/welding\/wp-content\/uploads\/2022\/07\/IP_registracia.pdf\">REGISTR\u00c1CIA<\/a><\/strong>,<\/li>\n<li><strong><a href=\"https:\/\/www.robotec.sk\/welding\/wp-content\/uploads\/2022\/07\/IP_dopyt.pdf\">DOPYT<\/a><\/strong>,<\/li>\n<li><strong><a href=\"https:\/\/www.robotec.sk\/welding\/wp-content\/uploads\/2022\/07\/IP_marketing_opravneny_zaujem.pdf\">MARKETING (opr\u00e1vnen\u00fd z\u00e1ujem)<\/a><\/strong>,<\/li>\n<li><strong><a href=\"https:\/\/www.robotec.sk\/welding\/wp-content\/uploads\/2022\/07\/IP_reklamacie.pdf\">REKLAM\u00c1CIE<\/a><\/strong>,<\/li>\n<li><strong><a href=\"https:\/\/www.robotec.sk\/welding\/wp-content\/uploads\/2022\/07\/IS_cookies_web.pdf\">COOKIES (web)<\/a><\/strong>,<\/li>\n<li><strong><a href=\"https:\/\/www.robotec.sk\/welding\/wp-content\/uploads\/2022\/07\/IS_cookies_eshop.pdf\">COOKIES (ESHOP)<\/a><\/strong>.<\/li>\n<\/ol>\n<h3><span style=\"color: #000000;\"><strong>PR\u00c1VA DOTKNUT\u00ddCH OS\u00d4B<\/strong><\/span><\/h3>\n<ul style=\"list-style-type: circle;\">\n<li>Dotknut\u00e1 osoba m\u00e1 pr\u00e1vo na pr\u00edstup ku svojim \u00fadajom. Na z\u00e1klade \u017eiadosti dotknutej osoby vystav\u00ed prev\u00e1dzkovate\u013e potvrdenie o tom, \u010di sa sprac\u00favaj\u00fa osobn\u00e9 \u00fadaje dotknutej osoby, ktor\u00e9 sa jej t\u00fdkaj\u00fa. Pokia\u013e prev\u00e1dzkovate\u013e tieto osobn\u00e9 \u00fadaje sprac\u00fava, vystav\u00ed na z\u00e1klade \u017eiadosti dotknutej osoby k\u00f3piu t\u00fdchto osobn\u00fdch \u00fadajov. Pokia\u013e dotknut\u00e1 osoba po\u017eiada o inform\u00e1cie formou elektronick\u00fdch prostriedkov, bud\u00fa jej poskytnut\u00e9 v be\u017ene pou\u017e\u00edvanej elektronickej podobe, a to formou e-mailu, pokia\u013e v\u00fdslovne nepo\u017eiada o in\u00fd sp\u00f4sob poskytnutia.<\/li>\n<li>Dotknut\u00e1 osoba m\u00e1 pr\u00e1vo na opravu osobn\u00fdch \u00fadajov, pokia\u013e o nej prev\u00e1dzkovate\u013e eviduje nespr\u00e1vne osobn\u00e9 \u00fadaje. Z\u00e1rove\u0148 m\u00e1 dotknut\u00e1 osoba pr\u00e1vo na doplnenie ne\u00fapln\u00fdch osobn\u00fdch \u00fadajov. Prev\u00e1dzkovate\u013e vykon\u00e1 opravu, pr\u00edpadne doplnenie osobn\u00fdch \u00fadajov bez zbyto\u010dn\u00e9ho odkladu po tom, \u010do ho dotknut\u00e1 osoba po\u017eiada.<\/li>\n<li>Dotknut\u00e1 osoba m\u00e1 pr\u00e1vo na vymazanie (pr\u00e1vo na zabudnutie) osobn\u00fdch \u00fadajov, ktor\u00e9 sa jej t\u00fdkaj\u00fa, za predpokladu, \u017ee:<\/li>\n<\/ul>\n<ol>\n<li style=\"list-style-type: none;\">\n<ol style=\"list-style-type: lower-alpha;\">\n<li>osobn\u00e9 \u00fadaje u\u017e nie s\u00fa potrebn\u00e9 na \u00fa\u010dely, na ktor\u00e9 sa z\u00edskavali alebo inak sprac\u00favali;<\/li>\n<li>dotknut\u00e1 osoba odvol\u00e1 s\u00fahlas, na z\u00e1klade ktor\u00e9ho sa sprac\u00favanie vykon\u00e1va,<\/li>\n<li>dotknut\u00e1 osoba namieta vo\u010di sprac\u00favaniu osobn\u00fdch \u00fadajov,<\/li>\n<li>osobn\u00e9 \u00fadaje sa sprac\u00favali nez\u00e1konne,<\/li>\n<li>je d\u00f4vodom pre v\u00fdmaz splnenie povinnosti z\u00e1kona, osobitn\u00e9ho predpisu alebo medzin\u00e1rodnej zmluvy, ktorou je Slovensk\u00e1 republika viazan\u00e1, alebo<\/li>\n<li>osobn\u00e9 \u00fadaje sa z\u00edskavali v s\u00favislosti s ponukou slu\u017eieb informa\u010dnej spolo\u010dnosti osobe mlad\u0161ej ako 16 rokov.<\/li>\n<\/ol>\n<\/li>\n<\/ol>\n<ul style=\"list-style-type: circle;\">\n<li>Dotknut\u00e1 osoba nebude ma\u0165 pr\u00e1vo na v\u00fdmaz osobn\u00fdch \u00fadajov za predpokladu, \u017ee je ich sprac\u00favanie potrebn\u00e9:<\/li>\n<\/ul>\n<ol>\n<li style=\"list-style-type: none;\">\n<ol style=\"list-style-type: lower-alpha;\">\n<li>na uplatnenie pr\u00e1va na slobodu prejavu a na inform\u00e1cie;<\/li>\n<li>na splnenie povinnosti pod\u013ea z\u00e1kona, osobitn\u00e9ho predpisu alebo medzin\u00e1rodnej zmluvy, ktorou je Slovensk\u00e1 republika viazan\u00e1, alebo na splnenie \u00falohy realizovanej vo verejnom z\u00e1ujme alebo pri v\u00fdkone verejnej moci zverenej prev\u00e1dzkovate\u013eovi,<\/li>\n<li>z d\u00f4vodov verejn\u00e9ho z\u00e1ujmu v oblasti verejn\u00e9ho zdravia,<\/li>\n<li>na \u00fa\u010dely archiv\u00e1cie vo verejnom z\u00e1ujme, na \u00fa\u010dely vedeck\u00e9ho alebo historick\u00e9ho v\u00fdskumu \u010di na \u0161tatistick\u00e9 \u00fa\u010dely, pokia\u013e je pravdepodobn\u00e9, \u017ee pr\u00e1vo na<\/li>\n<li>v\u00fdmaz znemo\u017en\u00ed alebo z\u00e1va\u017en\u00fdm sp\u00f4sobom s\u0165a\u017e\u00ed dosiahnutie cie\u013eov tak\u00e9hoto sprac\u00favania, alebo<\/li>\n<li>na preukazovanie, uplat\u0148ovanie alebo obhajovanie pr\u00e1vnych n\u00e1rokov.<\/li>\n<\/ol>\n<\/li>\n<\/ol>\n<p>Prev\u00e1dzkovate\u013e vykon\u00e1 v\u00fdmaz osobn\u00fdch \u00fadajov dotknut\u00fdch os\u00f4b na z\u00e1klade \u017eiadosti, a to bez zbyto\u010dn\u00e9ho odkladu po tom, \u010do vyhodnot\u00ed \u017eiados\u0165 dotknutej osoby ako d\u00f4vodn\u00fa.<\/p>\n<ul style=\"list-style-type: circle;\">\n<li>Dotknut\u00e1 osoba m\u00e1 pr\u00e1vo na obmedzenie sprac\u00favania osobn\u00fdch \u00fadajov, pokia\u013e:<\/li>\n<\/ul>\n<ol>\n<li style=\"list-style-type: none;\">\n<ol style=\"list-style-type: lower-alpha;\">\n<li>napadne spr\u00e1vnos\u0165 osobn\u00fdch \u00fadajov n\u00e1mietkou pod\u013ea tohto \u010dl\u00e1nku, a to po\u010das obdobia umo\u017e\u0148uj\u00faceho prev\u00e1dzkovate\u013eovi overi\u0165 spr\u00e1vnos\u0165 osobn\u00fdch \u00fadajov;<\/li>\n<li>sprac\u00favanie je protiz\u00e1konn\u00e9 a dotknut\u00e1 osoba \u017eiada namiesto v\u00fdmazu osobn\u00fdch \u00fadajov obmedzenie ich pou\u017eitia;<\/li>\n<li>prev\u00e1dzkovate\u013e u\u017e nepotrebuje osobn\u00e9 \u00fadaje na \u00fa\u010dely sprac\u00favania, ale potrebuje ich dotknut\u00e1 osoba na preuk\u00e1zanie, uplat\u0148ovanie alebo obhajovanie pr\u00e1vnych n\u00e1rokov;<\/li>\n<li>dotknut\u00e1 osoba namietala vo\u010di sprac\u00favaniu osobn\u00fdch \u00fadajov na z\u00e1klade opr\u00e1vnen\u00e9ho n\u00e1roku prev\u00e1dzkovate\u013ea, a to a\u017e do overenia, \u010di opr\u00e1vnen\u00e9 d\u00f4vody na strane prev\u00e1dzkovate\u013ea preva\u017euj\u00fa nad opr\u00e1vnen\u00fdmi d\u00f4vodmi dotknutej osoby.<\/li>\n<\/ol>\n<\/li>\n<\/ol>\n<p>Pokia\u013e dotknut\u00e1 osoba \u017eiada o obmedzenie sprac\u00favania jej osobn\u00fdch \u00fadajov, prev\u00e1dzkovate\u013e nebude s dotknut\u00fdmi \u00fadajmi vykon\u00e1va\u0165 \u017eiadne spracovate\u013esk\u00e9 oper\u00e1cie, okrem uchov\u00e1vania, bez s\u00fahlasu dotknutej osoby.<br \/>\nDotknut\u00e1 osoba bude prev\u00e1dzkovate\u013eom informovan\u00e1, pokia\u013e bude obmedzenie sprac\u00favania t\u00fdchto \u00fadajov zru\u0161en\u00e9.<\/p>\n<div id=\"u122621-4\" class=\"Odstavec clearfix colelem shared_content\" data-content-guid=\"u122621-4_content\">\n<ul style=\"list-style-type: circle;\">\n<li>Dotknut\u00e1 osoba m\u00e1 pr\u00e1vo kedyko\u013evek namieta\u0165 vo\u010di sprac\u00favaniu jej osobn\u00fdch \u00fadajov z d\u00f4vodov t\u00fdkaj\u00facich sa jej konkr\u00e9tnej situ\u00e1cie. Dotknut\u00e1 osoba m\u00f4\u017ee namieta\u0165 sprac\u00favanie jej osobn\u00fdch \u00fadajov na z\u00e1klade:<\/li>\n<\/ul>\n<ol>\n<li style=\"list-style-type: none;\">\n<ol style=\"list-style-type: lower-alpha;\">\n<li>pr\u00e1vneho titulu plnenia \u00faloh realizovan\u00fdch vo verejnom z\u00e1ujme alebo pri v\u00fdkone verejnej moci, alebo z pr\u00e1vneho titulu opr\u00e1vnen\u00e9ho z\u00e1ujmu prev\u00e1dzkovate\u013ea,<\/li>\n<li>sprac\u00favania osobn\u00fdch \u00fadajov na \u00fa\u010dely priameho marketingu,<\/li>\n<li>spracovania na \u00fa\u010dely vedeck\u00e9ho \u010di historick\u00e9ho v\u00fdskumu alebo na \u0161tatistick\u00e9 \u00fa\u010dely.<\/li>\n<\/ol>\n<\/li>\n<\/ol>\n<p>Pokia\u013e dotknut\u00e1 osoba namietne sprac\u00favanie osobn\u00fdch \u00fadajov na \u00fa\u010dely priameho marketingu jej osobn\u00e9 \u00fadaje prev\u00e1dzkovate\u013e nem\u00f4\u017ee \u010falej sprac\u00fava\u0165.<br \/>\nPrev\u00e1dzkovate\u013e doru\u010den\u00fa n\u00e1mietku v primeranom \u010dase pos\u00fadi. Prev\u00e1dzkovate\u013e nesmie \u010falej sprac\u00fava\u0165 osobn\u00e9 \u00fadaje, ak nepreuk\u00e1\u017ee nevyhnutn\u00e9 opr\u00e1vnen\u00e9 z\u00e1ujmy na sprac\u00favanie osobn\u00fdch \u00fadajov, ktor\u00e9 preva\u017euj\u00fa nad pr\u00e1vami alebo z\u00e1ujmami dotknutej osoby, alebo d\u00f4vody na uplatnenie pr\u00e1vneho n\u00e1roku.<\/p>\n<ul style=\"list-style-type: circle;\">\n<li>Dotknut\u00e1 osoba m\u00e1 pr\u00e1vo na ne\u00fa\u010dinnos\u0165 automatizovan\u00e9ho individu\u00e1lneho rozhodovania vr\u00e1tane profilovania ak prev\u00e1dzkovate\u013e sprac\u00fava osobn\u00e9 \u00fadaje profilovan\u00edm, ani obdobn\u00fdm sp\u00f4sobom zalo\u017eenom na automatizovanom individu\u00e1lnom rozhodovan\u00ed.<\/li>\n<li>Dotknut\u00e1 osoba m\u00e1 pr\u00e1vo kedyko\u013evek odvola\u0165 svoj s\u00fahlas so spracovan\u00edm osobn\u00fdch \u00fadajov, pokia\u013e bolo sprac\u00favanie osobn\u00fdch \u00fadajov zalo\u017een\u00e9 na tomto pr\u00e1vnom z\u00e1klade. Dotknut\u00e1 osoba svoj s\u00fahlas odvol\u00e1 sp\u00f4sobom uveden\u00fdm v samotnom s\u00fahlase alebo v tejto inform\u00e1cii, ak takej inform\u00e1cie niet plat\u00ed, \u017ee s\u00fahlas odvol\u00e1 kontaktovan\u00edm prev\u00e1dzkovate\u013ea so svojou po\u017eiadavkou ak\u00fdmko\u013evek zvolen\u00fdm sp\u00f4sobom. Kontaktn\u00e9 \u00fadaje prev\u00e1dzkovate\u013ea s\u00fa uveden\u00e9 vy\u0161\u0161ie. Z\u00e1konnos\u0165 sprac\u00favania osobn\u00fdch \u00fadajov pred odvolan\u00edm s\u00fahlasu na z\u00e1klade udelen\u00e9ho s\u00fahlasu nie je jeho odvolan\u00edm dotknut\u00e1.<\/li>\n<li>Dotknut\u00e1 osoba m\u00e1 pr\u00e1vo poda\u0165 s\u0165a\u017enos\u0165 \/ n\u00e1vrh na za\u010datie konania dozorn\u00e9mu org\u00e1nu &#8211; \u00daradu na ochranu osobn\u00fdch \u00fadajov Slovenskej republiky so s\u00eddlom Hrani\u010dn\u00e1 4826\/12, 820 07 Bratislava \u2013 Ru\u017einov tel. \u010d\u00edslo: +421 \/2\/ 3231 3214; mail: <strong><a href=\"mailto:statny.dozor@pdp.gov.sk\">statny.dozor@pdp.gov.sk<\/a><\/strong> , <a href=\"https:\/\/dataprotection.gov.sk\"><strong>https:\/\/dataprotection.gov.sk<\/strong><\/a>, pokia\u013e sa domnieva, \u017ee boli poru\u0161en\u00e9 jej pr\u00e1va v oblasti ochrany osobn\u00fdch \u00fadajov. V pr\u00edpade podania n\u00e1vrhu elektronickou formou je potrebn\u00e9, aby sp\u013a\u0148al n\u00e1le\u017eitosti pod\u013ea \u00a7 19 ods. 1 z\u00e1kona \u010d. 71\/1967 Zb. o spr\u00e1vnom konan\u00ed (spr\u00e1vny poriadok).<\/li>\n<\/ul>\n<p>Dotknut\u00e1 osoba sa m\u00f4\u017ee so svojimi pripomienkami a \u017eiados\u0165ami t\u00fdkaj\u00facimi sa sprac\u00favania osobn\u00fdch \u00fadajov obr\u00e1ti\u0165 na prev\u00e1dzkovate\u013ea a to p\u00edsomnou formou alebo elektronick\u00fdmi prostriedkami na kontaktn\u00fdch \u00fadajoch uveden\u00fdch vy\u0161\u0161ie.<\/p>\n<\/div>\n<div id=\"u122621-4\" class=\"Odstavec clearfix colelem shared_content\" data-content-guid=\"u122621-4_content\"><\/div>\n<\/div><div class=\"fusion-clearfix\"><\/div><\/div><\/div><\/div><\/div>\n","protected":false},"excerpt":{"rendered":"","protected":false},"author":1,"featured_media":0,"parent":0,"menu_order":0,"comment_status":"closed","ping_status":"closed","template":"100-width.php","meta":{"_monsterinsights_skip_tracking":false,"_monsterinsights_sitenote_active":false,"_monsterinsights_sitenote_note":"","_monsterinsights_sitenote_category":0,"footnotes":""},"yst_prominent_words":[],"class_list":["post-1959","page","type-page","status-publish","hentry"],"acf":[],"_links":{"self":[{"href":"https:\/\/www.robotec.sk\/welding\/wp-json\/wp\/v2\/pages\/1959","targetHints":{"allow":["GET"]}}],"collection":[{"href":"https:\/\/www.robotec.sk\/welding\/wp-json\/wp\/v2\/pages"}],"about":[{"href":"https:\/\/www.robotec.sk\/welding\/wp-json\/wp\/v2\/types\/page"}],"author":[{"embeddable":true,"href":"https:\/\/www.robotec.sk\/welding\/wp-json\/wp\/v2\/users\/1"}],"replies":[{"embeddable":true,"href":"https:\/\/www.robotec.sk\/welding\/wp-json\/wp\/v2\/comments?post=1959"}],"version-history":[{"count":7,"href":"https:\/\/www.robotec.sk\/welding\/wp-json\/wp\/v2\/pages\/1959\/revisions"}],"predecessor-version":[{"id":4081,"href":"https:\/\/www.robotec.sk\/welding\/wp-json\/wp\/v2\/pages\/1959\/revisions\/4081"}],"wp:attachment":[{"href":"https:\/\/www.robotec.sk\/welding\/wp-json\/wp\/v2\/media?parent=1959"}],"wp:term":[{"taxonomy":"yst_prominent_words","embeddable":true,"href":"https:\/\/www.robotec.sk\/welding\/wp-json\/wp\/v2\/yst_prominent_words?post=1959"}],"curies":[{"name":"wp","href":"https:\/\/api.w.org\/{rel}","templated":true}]}}